{"id":3,"date":"2025-02-15T12:25:53","date_gmt":"2025-02-15T12:25:53","guid":{"rendered":"https:\/\/alfawarehouses.pl\/?page_id=3"},"modified":"2025-03-25T08:42:05","modified_gmt":"2025-03-25T07:42:05","slug":"integritetspolicy","status":"publish","type":"page","link":"https:\/\/alfawarehouses.pl\/sv\/polityka-prywatnosci\/","title":{"rendered":"Integritetspolicy"},"content":{"rendered":"\n<p>Pami\u0119taj, \u017ce zawsze mo\u017cesz wycofa\u0107 zgod\u0119. Dane osobowe b\u0119d\u0105 przetwarzane w zakresie niezb\u0119dnym do wykonania umowy lub podj\u0119cia dzia\u0142a\u0144 na rzecz lub \u017c\u0105danie osoby, kt\u00f3rej one dotycz\u0105. Podanie danych osobowych jest dobrowolne i jednocze\u015bnie warunkuje m.in. podj\u0119cie dzia\u0142a\u0144 przed zawarciem umowy. Dane osobowe b\u0119d\u0105 przetwarzane przez niezb\u0119dny okres nie d\u0142u\u017cszy ni\u017c 6 lat, a ka\u017cdemu przys\u0142uguje prawo do ich sprostowania, usuni\u0119cia, ograniczenia przetwarzania, wniesienia sprzeciwu wobec przetwarzania oraz ich przeniesienia. Ka\u017cda osoba, kt\u00f3rej dane dotycz\u0105, mo\u017ce wnie\u015b\u0107 skarg\u0119 do organu nadzorczego. W przypadku zapytania kierowanego do Alfa Forwarding Ltd., sp. z o.o. administratorem danych osobowych jest Alfa Forwarding Ltd., sp. z o.o., ul. Tadeusza Wendy 7\/9, 81-341 Gdynia, NIP: 586-02-03-656. Natomiast w przypadku zapytania do Alfa Agencja Celna sp. z o. o. administratorem danych osobowych jest Alfa Agencja Celna sp. z o. o. ul. Tadeusza Wendy 7\/9, 81-341 Gdynia, NIP: 958-14-66-815<\/p>\n\n\n\n<p><strong>\u00a71&nbsp;To\u017csamo\u015b\u0107 administratora danych<\/strong><\/p>\n\n\n\n<ol class=\"wp-block-list\">\n<li>Administratorem danych osobowych podawanych w trakcie korzystania ze Serwisu prowadzonego pod nazw\u0105\u00a0<a href=\"https:\/\/alfamagazyn.pl\/\" target=\"_blank\" rel=\"noreferrer noopener\">alfaagencjacelna.pl<\/a>\u00a0(<strong>ALFA FORWARDING LTD. Sp. z o.o.<\/strong>\u00a0ul. Podolska 21, 81-321 Gdynia, NIP: 5860203656, REGON: 190314596, KRS: 0000077114)<\/li>\n\n\n\n<li>Dane przetwarzane s\u0105 zgodnie z aktualnie obowi\u0105zuj\u0105cymi przepisami prawa; tj. Rozporz\u0105dzeniem Parlamentu Europejskiego i Rady UE 2016\/679 z 27 kwietnia 2016 r. w sprawie ochrony os\u00f3b fizycznych w zwi\u0105zku z przetwarzaniem danych osobowych i w sprawie swobodnego przep\u0142ywu takich danych oraz uchylenia dyrektywy 95\/46\/WE (dalej: RODO), ustaw\u0105 z dnia 10 maja 2018 r. o ochronie danych, a tak\u017ce ustaw\u0105 z 18 lipca 2002 r. o \u015bwiadczeniu us\u0142ug drog\u0105 elektroniczn\u0105.<\/li>\n\n\n\n<li>Poni\u017csza Polityka Prywatno\u015bci obejmuje zasady przetwarzania danych U\u017cytkownik\u00f3w Strony, a tak\u017ce os\u00f3b zawieraj\u0105cych umowy z Administratorem danych, w tym zwi\u0105zanych z realizacj\u0105 Zam\u00f3wienia w Sklepie internetowym, a tak\u017ce danych gromadzonych poprzez kontakt z Administratorem danych (adres e-mail lub telefonicznie) lub korespondencj\u0119 tradycyjn\u0105, jak i os\u00f3b, kt\u00f3re lubi\u0105 i\/lub obserwuj\u0105 fanpage Administratora w mediach spo\u0142eczno\u015bciowych, je\u015bli prowadzi.<\/li>\n<\/ol>\n\n\n\n<p><strong>\u00a72&nbsp;<\/strong><strong>Stosowane definicje<\/strong><\/p>\n\n\n\n<ol class=\"wp-block-list\">\n<li>W niniejszej polityce stosuje si\u0119 nast\u0119puj\u0105ce definicje:\n<ol class=\"wp-block-list\">\n<li><strong>Serwis<\/strong>\u2013 serwis internetowy dost\u0119pny pod adresem\u00a0\u00a0<a href=\"https:\/\/alfamagazyn.pl\/\" target=\"_blank\" rel=\"noreferrer noopener\">alfaagencjacelna.pl<\/a>\u00a0za po\u015brednictwem kt\u00f3rego U\u017cytkownik mo\u017ce: przegl\u0105da\u0107 jego zawarto\u015b\u0107, kontaktowa\u0107 si\u0119 z administratorem danych (formularz kontaktowy).<\/li>\n\n\n\n<li><strong>Administrator danych osobowych<\/strong>\u00a0\u2013 podmiot, kt\u00f3ry decyduje o celu i \u015brodkach przetwarzania danych, w niniejszej polityce rozumie si\u0119 przez to:\u00a0<strong>ALFA FORWARDING LTD. Sp.zo.o.<\/strong>\u00a0 ul.Podolska 21, 81-321 Gdynia.<\/li>\n\n\n\n<li><strong>U\u017cytkownik<\/strong>\u00a0\u2013 osoba fizyczna, kt\u00f3rej dane dotycz\u0105 i kt\u00f3ra korzysta z us\u0142ug dost\u0119pnych w Serwisie\/Sklepie.<\/li>\n\n\n\n<li><strong>Dane osobowe<\/strong>\u00a0\u2013 wszelkie informacje, kt\u00f3re bez nadmiernego czasu i kosztu mog\u0105 doprowadzi\u0107 do identyfikacji osoby fizycznej, w tym jej dane identyfikacyjne, adresowe i kontaktowe.<\/li>\n<\/ol>\n<\/li>\n<\/ol>\n\n\n\n<p><strong>\u00a73&nbsp;Cele przetwarzania danych osobowych<\/strong><\/p>\n\n\n\n<ol class=\"wp-block-list\">\n<li>Administrator Danych Osobowych przetwarza dane osobowe wy\u0142\u0105cznie, gdy jest to dopuszczone aktualnie obowi\u0105zuj\u0105cymi przepisami prawa, w tym w celu:\n<ol class=\"wp-block-list\">\n<li>podj\u0119cia dzia\u0142a\u0144 na \u017c\u0105danie osoby, kt\u00f3rej dane dotycz\u0105, w tym udzielenia odpowiedzi na pytania zadane poprzez \u015brodki komunikacji elektronicznej lub w celu obs\u0142ugi korespondencji tradycyjnej, a przetwarzanie to odbywa si\u0119 na podstawie art. 6 ust. 1 lit b) RODO,<\/li>\n\n\n\n<li>wysy\u0142ania zam\u00f3wionych informacji marketingowych drog\u0105 elektroniczn\u0105 (newsletter) na podany przez U\u017cytkownika adres e-mail w tym celu, a przetwarzanie to odbywa si\u0119 na podstawie art. 6 ust. 1 lit a) RODO, tj. zgody osoby, kt\u00f3rej dane dotycz\u0105,<\/li>\n\n\n\n<li><\/li>\n<\/ol>\n<\/li>\n\n\n\n<li>marketingu w\u0142asnych produkt\u00f3w i us\u0142ug Administratora danych drog\u0105 tradycyjn\u0105, na podstawie art. 6 ust. 1 lit. f) RODO, tj. w celu realizacji prawnie uzasadnionych interes\u00f3w administratora danych lub osoby, kt\u00f3rej dane dotycz\u0105,\n<ol class=\"wp-block-list\">\n<li>w celu wys\u0142ania maila z pro\u015bb\u0105 o ocen\u0119 Sklepu i\/lub Towaru\/Produktu odbywa si\u0119 na podstawie art. 6 ust. 1 lit f) RODO, a przetwarzanie to odbywa si\u0119 w usprawiedliwionym celu administratora danych (Sprzedawcy), kt\u00f3rym jest doskonalenie oferty i\/lub Towaru\/Produktu i\/lub Sklepu poprzez gromadzenie rzetelnych opinii o nich przez w\u0142a\u015bciciela Sklepu,<\/li>\n\n\n\n<li>wys\u0142ania zapytania o udzielenie opinii o us\u0142ugach i towarach\/produktach Administratora danych przez zewn\u0119trzne serwisy badania satysfakcji, jak [np. Opineo, Ceneo, etc,.] za zgod\u0105 osoby, kt\u00f3re dane dotycz\u0105, tj. na podstawie art. 6 ust. 1 lit a) RODO, [uwaga: wys\u0142anie zapytania o opini\u0119 bezpo\u015brednio przez sprzedawc\u0119\/w\u0142a\u015bciciela firmy do klienta odbywa si\u0119 na inne podstawie ni\u017c korzystanie przez niego z serwis\u00f3w badania satysfakcji].<\/li>\n\n\n\n<li>dochodzenia praw i roszcze\u0144 przez Administratora danych lub osob\u0119, kt\u00f3rej dane dotycz\u0105, na podstawie art. 6 ust. 1 lit f) RODO i odbywa si\u0119 w prawnie usprawiedliwionym celu.<\/li>\n<\/ol>\n<\/li>\n\n\n\n<li>Podanie danych osobowych jest niezb\u0119dne w celu realizacji umowy zawartej na odleg\u0142o\u015b\u0107, w tym wysy\u0142ki towaru lub udost\u0119pnienia produktu cyfrowego i wystawienia dokumentu ksi\u0119gowego, dochodzenia roszcze\u0144, a tak\u017ce udzielenia odpowiedzi na pytania. Podanie danych osobowych w pozosta\u0142ym zakresie jest dobrowolne.<\/li>\n\n\n\n<li>Brak podania wymaganych danych uniemo\u017cliwia realizacj\u0119 umowy zawartej na odleg\u0142o\u015b\u0107, wystawienie rachunku lub faktury lub podj\u0119cie kontaktu na \u017c\u0105danie osoby, kt\u00f3rej dane dotycz\u0105.<\/li>\n<\/ol>\n\n\n\n<p><strong>\u00a74&nbsp;<\/strong><strong>Sposoby pozyskiwania danych<\/strong><\/p>\n\n\n\n<ol class=\"wp-block-list\">\n<li>Dane osobowe U\u017cytkownika gromadzone s\u0105 bezpo\u015brednio od os\u00f3b, kt\u00f3rych dane dotycz\u0105, tj. poprzez:\n<ol class=\"wp-block-list\">\n<li>wype\u0142nienie formularza z danymi kontaktowymi podczas sk\u0142adania\u00a0zapytania przez formularz na stronie,<\/li>\n\n\n\n<li>wype\u0142nienie formularza zapisu na newsletter,<\/li>\n\n\n\n<li>wype\u0142nienie formularza zam\u00f3wienia w sklepie-online,<\/li>\n\n\n\n<li>rejestracja konta w Serwisie,<\/li>\n\n\n\n<li>podanie danych do przygotowania i zawarcia umowy,<\/li>\n\n\n\n<li>bezpo\u015bredni kontakt z administratorem danych za pomoc\u0105 danych teleadresowych dost\u0119pnych na stronie lub w formie tradycyjnej w miejscu prowadzenia dzia\u0142alno\u015bci.<\/li>\n<\/ol>\n<\/li>\n<\/ol>\n\n\n\n<p><strong>\u00a75&nbsp;<\/strong><strong>Zakres przetwarzanych danych<\/strong><\/p>\n\n\n\n<ol class=\"wp-block-list\">\n<li>Zakres przetwarzanych danych osobowych zosta\u0142 ograniczony do minimum niezb\u0119dnego do \u015bwiadczenia us\u0142ug w zakresie:\n<ol class=\"wp-block-list\">\n<li>z\u0142o\u017cenia zapytania przez formularz kontaktowy lub za pomoc\u0105 danych teleadresowych dost\u0119pnych na stronie: adres e-mail numer telefonu, adres poczty elektronicznej, imi\u0119, ewentualne inne dane podane dobrowolnie przez osob\u0119, kt\u00f3rej dane dotycz\u0105,<\/li>\n\n\n\n<li>dokonania zapisu na newsletter: imi\u0119, adres e-mail,<\/li>\n\n\n\n<li>z\u0142o\u017cenia zam\u00f3wienia w sklepie online: imi\u0119 i nazwisko, adres e-mail, numer telefonu, adres dostawy, ewentualnie adres punktu odbioru,<\/li>\n\n\n\n<li>rejestracji konta w Serwisie lub sklepie online: imi\u0119 i nazwisko, adres e-mail, has\u0142o, login,<\/li>\n\n\n\n<li>wystawienia rachunku lub faktury: imi\u0119 i nazwisko lub nazwa podmiotu, adres siedziby, NIP,<\/li>\n\n\n\n<li>przygotowania i zawarcia umowy: imi\u0119 i nazwisko, adres, numer dowodu osobistego, etc.<\/li>\n<\/ol>\n<\/li>\n<\/ol>\n\n\n\n<p><strong>\u00a76&nbsp;Okres przetwarzania danych<\/strong><\/p>\n\n\n\n<ol class=\"wp-block-list\">\n<li>Okres przetwarzania danych jest uzale\u017cniony od celu, dla kt\u00f3rego dane zosta\u0142y zebrane i wynosi w celu:\n<ol class=\"wp-block-list\">\n<li>zawarcia i realizacja umowy sprzeda\u017cy, w tym sprzeda\u017cy na odleg\u0142o\u015b\u0107 \u2013 przez okres niezb\u0119dny do udokumentowania wykonanej umowy, w tym wystawienia rachunku lub faktury \u2013 5 lat, licz\u0105c od ko\u0144ca roku kalendarzowego, w kt\u00f3rym up\u0142yn\u0105\u0142 termin p\u0142atno\u015bci podatku, na podstawie art. 112 ustawy z dnia 11 marca 2004 r. o podatku od towar\u00f3w i us\u0142ug, w zwi\u0105zku z art. 70 ustawy z dnia 29 sierpnia 1997 r. \u2013 Ordynacja podatkowa,<\/li>\n\n\n\n<li>w celu wysy\u0142ania informacji handlowych drog\u0105 elektroniczn\u0105 (newsletter) i\/lub za\u0142o\u017cenia Konta w Sklepie\/wysy\u0142ania zapytania o opini\u0119 przez zewn\u0119trzne serwisy badania satysfakcji \u2013 do czasu odwo\u0142ania zgody, bez wp\u0142ywu na zgodno\u015b\u0107 przetwarzania, kt\u00f3rego dokonano przed jej odwo\u0142aniem,<\/li>\n\n\n\n<li>przez okres niezb\u0119dny do udzielenia odpowiedzi na pytanie zadane przez formularz kontaktowy lub drog\u0105 telefoniczn\u0105, ale nie d\u0142u\u017cej ni\u017c przez 6 miesi\u0119cy, o ile osoba nie zdecyduje si\u0119 zawrze\u0107 umowy z Administratorem danych osobowych,<\/li>\n\n\n\n<li>w celu dochodzenia roszcze\u0144, na podstawie ustawy z art. 118 ustawy z dnia 23 kwietnia 1964 r. \u2013 Kodeks cywilny. Je\u017celi przepis szczeg\u00f3lny nie stanowi inaczej, termin przedawnienia wynosi sze\u015b\u0107 lat, a dla roszcze\u0144 o \u015bwiadczenia okresowe oraz roszcze\u0144 zwi\u0105zanych z prowadzeniem dzia\u0142alno\u015bci gospodarczej \u2013 trzy lata.<\/li>\n<\/ol>\n<\/li>\n<\/ol>\n\n\n\n<p><strong>\u00a77&nbsp;<\/strong><strong>Odbiorcy danych<\/strong><\/p>\n\n\n\n<ol class=\"wp-block-list\">\n<li>Dane osobowe U\u017cytkownika mog\u0105 zosta\u0107 powierzone innym podmiotom w celu wykonania us\u0142ug na zlecenie administratora danych, w szczeg\u00f3lno\u015bci podmiotom w zakresie:\n<ol class=\"wp-block-list\">\n<li>serwisu i utrzymania system\u00f3w informatycznych, w kt\u00f3rych dane s\u0105 przetwarzane, w tym w celu automatyzacji newslettera, wystawiania faktur, obs\u0142ugi zam\u00f3wie\u0144, etc.,<\/li>\n\n\n\n<li>prowadzenia obs\u0142ugi ksi\u0119gowej,<\/li>\n\n\n\n<li>prowadzenia obs\u0142ugi biurowej,<\/li>\n\n\n\n<li>brokera us\u0142ug kurierskich,<\/li>\n\n\n\n<li>dropshippingu i\/lub obs\u0142ugi logistycznej zam\u00f3wie\u0144.<\/li>\n<\/ol>\n<\/li>\n\n\n\n<li>Dane osobowe U\u017cytkownika mog\u0105 zosta\u0107 tak\u017ce udost\u0119pnione podmiotom wspieraj\u0105cym administratora danych, w tym podmiotom realizuj\u0105cym us\u0142ugi kurierskie i pocztowe, obs\u0142ug\u0119 p\u0142atno\u015bci online.<\/li>\n\n\n\n<li>Dane osobowe U\u017cytkownika nie s\u0105 przekazywane do pa\u0144stw trzecich, ani organizacji mi\u0119dzynarodowych.<\/li>\n\n\n\n<li>Dane osobowe mog\u0105 by\u0107 przetwarzane poza Europejskim Obszarem Gospodarczym w tzw. pa\u0144stwie trzecim, w szczeg\u00f3lno\u015bci na terenie Stan\u00f3w Zjednoczonych Ameryki w zwi\u0105zku z korzystaniem przez Administratora z rozwi\u0105za\u0144 informatycznych, kt\u00f3rych serwery s\u0105 zlokalizowane poza Europejskim Obszarem Gospodarczym. Podstaw\u0105 przetwarzania danych na terenie pa\u0144stw trzecich b\u0119dzie decyzja Komisji Europejskiej 2021\/914 w\u00a0sprawie standardowych klauzul umownych dotycz\u0105cych przekazywania danych osobowych do pa\u0144stw trzecich. Administrator danych i dostawca us\u0142ugi zapewnia\u0107 b\u0119d\u0105 najwy\u017csze gwarancje ochrony powierzonych danych. Przetwarzanie danych nie b\u0119dzie narusza\u0107 prywatno\u015bci os\u00f3b fizycznych.<\/li>\n<\/ol>\n\n\n\n<p><strong>\u00a78&nbsp;Fanpage Administratora danych w mediach spo\u0142eczno\u015bciowych<\/strong><\/p>\n\n\n\n<ol class=\"wp-block-list\">\n<li>Administrator danych jest tak\u017ce jednocze\u015bnie wsp\u00f3\u0142administratorem danych jego obserwator\u00f3w w mediach spo\u0142eczno\u015bciowych \u2013 szczeg\u00f3lnie os\u00f3b, kt\u00f3re korzystaj\u0105 ze \u015brodk\u00f3w komunikacji elektronicznej na fanpage\u2019u \u2013 Facebook<\/li>\n\n\n\n<li>W pozosta\u0142ym zakresie administratorem danych U\u017cytkownik\u00f3w tych serwis\u00f3w spo\u0142eczno\u015bciowych jest Meta Platforms Ireland Limited (dawniej: Facebook Inc., z siedzib\u0105 przy 1 Hacker Way, Menlo Park, CA 94025, USA), a przetwarzanie tych danych odbywa si\u0119 na zasadach opisanych w regulaminach i politykach prywatno\u015bci u\u017cytkownik\u00f3w tych serwis\u00f3w, w tym na:\u00a0<a href=\"https:\/\/www.facebook.com\/privacy\" target=\"_blank\" rel=\"noreferrer noopener\">https:\/\/www.facebook.com\/privacy<\/a><\/li>\n\n\n\n<li>Dane osobowe U\u017cytkownika, kt\u00f3ry lubi i\/lub obserwuje fanpage Administratora w mediach spo\u0142eczno\u015bciowych b\u0119d\u0105 przetwarzane poza Europejskim Obszarem Gospodarczym w tzw. pa\u0144stwie trzecim, w szczeg\u00f3lno\u015bci na terenie Stan\u00f3w Zjednoczonych Ameryki w zwi\u0105zku ze stosowaniem rozwi\u0105za\u0144 informatycznych, kt\u00f3rych serwery s\u0105 zlokalizowane poza Europejskim Obszarem Gospodarczym.<\/li>\n\n\n\n<li>Podstaw\u0105 przetwarzania danych na terenie pa\u0144stw trzecich b\u0119dzie decyzja Komisji Europejskiej 2021\/914 w\u00a0sprawie standardowych klauzul umownych dotycz\u0105cych przekazywania danych osobowych do pa\u0144stw trzecich. Administrator danych i dostawca us\u0142ugi zapewnia\u0107 b\u0119d\u0105 najwy\u017csze gwarancje ochrony powierzonych danych. Przetwarzanie danych nie b\u0119dzie narusza\u0107 prywatno\u015bci os\u00f3b fizycznych.<\/li>\n<\/ol>\n\n\n\n<p><strong>\u00a79&nbsp;<\/strong><strong>Prawa os\u00f3b, kt\u00f3rych dane dotycz\u0105<\/strong><\/p>\n\n\n\n<ol class=\"wp-block-list\">\n<li>Osobom, kt\u00f3rych dane dotycz\u0105 przys\u0142uguje prawo:\n<ul class=\"wp-block-list\">\n<li>dost\u0119pu do tre\u015bci danych osobowych, w tym otrzymania bezp\u0142atnie pierwszej kopii tre\u015bci danych osobowych,<\/li>\n\n\n\n<li>do poprawiania danych,<\/li>\n\n\n\n<li>prawo do usuni\u0119cia danych, o ile nie obowi\u0105zuj\u0105 inne przepisy prawa, kt\u00f3re zobowi\u0105zuj\u0105 administratora danych do archiwizacji danych przez okre\u015blony czas,<\/li>\n\n\n\n<li>prawo do przenoszenia danych, o ile podstaw\u0105 przetwarzania danych jest umowa lub zgoda osoby, kt\u00f3rej dane dotycz\u0105, a przetwarzanie danych odbywa si\u0119 w spos\u00f3b automatyczny,<\/li>\n\n\n\n<li>do odwo\u0142ania zgody na przetwarzanie danych osobowych \u2013 je\u015bli podstaw\u0105 tego przetwarzania by\u0142a zgoda osoby, kt\u00f3rej dane dotycz\u0105. Odwo\u0142anie zgody nie ma wp\u0142ywu na zgodno\u015b\u0107 przetwarzania, kt\u00f3rego dokonano przed jej wycofaniem,<\/li>\n\n\n\n<li>do wniesienia sprzeciwu na przetwarzanie danych \u2013 z przyczyn zwi\u0105zanych ze szczeg\u00f3ln\u0105 sytuacj\u0105 wobec przetwarzania dotycz\u0105cych danych osobowych opartego na art. 6 ust. 1 lit. e) lub f) RODO, a tak\u017ce prawo do ograniczenia przetwarzania,<\/li>\n\n\n\n<li>prawo do niepodlegania automatycznemu profilowaniu, je\u015bli administrator danych podejmowa\u0142by decyzje opieraj\u0105ce si\u0119 wy\u0142\u0105cznie na automatycznym profilowaniu i nios\u0105ce ze sob\u0105 skutki prawne dla osoby, kt\u00f3rej dane dotycz\u0105 lub podobnie na ni\u0105 wp\u0142ywa\u0142y,<\/li>\n\n\n\n<li>prawo do kontroli przetwarzania danych i informacji na temat tego, kto jest administratorem danych, a tak\u017ce uzyskania informacji o celu, zakresie i sposobie przetwarzania danych, tre\u015bci tych danych, \u017ar\u00f3dle danych, a tak\u017ce sposobie udost\u0119pniania, w tym o odbiorcach lub kategoriach odbiorc\u00f3w danych,<\/li>\n<\/ul>\n<\/li>\n\n\n\n<li>W celu realizacji prawa do informacji, dost\u0119pu do tre\u015bci danych, ich poprawiania, a tak\u017ce innych praw, mo\u017cna skontaktowa\u0107 si\u0119 z Administratorem danych.<\/li>\n\n\n\n<li>Osoba, kt\u00f3rej dane dotycz\u0105 ma tak\u017ce prawo do wniesienia skargi do Urz\u0119du Ochrony Danych Osobowych (UODO), je\u015bli przetwarzanie danych narusza przepisy Og\u00f3lnego rozporz\u0105dzania o ochronie danych osobowych (RODO). Skarga mo\u017ce zosta\u0107 wniesiona w formie elektronicznej lub tradycyjnej na adres: Urz\u0105d Ochrony Danych Osobowych, ul. Stawki 2, 00-193 Warszawa.<\/li>\n<\/ol>\n\n\n\n<p><strong>\u00a710&nbsp;<\/strong><strong>Postanowienia ko\u0144cowe<\/strong><\/p>\n\n\n\n<p>W przypadku zmiany obowi\u0105zuj\u0105cej polityki prywatno\u015bci, w szczeg\u00f3lno\u015bci gdy b\u0119d\u0105 tego wymaga\u0142y zastosowane rozwi\u0105zania techniczne lub zmiany przepis\u00f3w prawa w zakresie prywatno\u015bci os\u00f3b, kt\u00f3rych dane dotycz\u0105, wprowadzone zostan\u0105 odpowiednie modyfikacje do niniejszej Polityki Prywatno\u015bci, kt\u00f3re b\u0119d\u0105 obowi\u0105zywa\u0142y w ci\u0105gu 14 dni od ich opublikowania na stronie Serwisu\/Sklepu.<\/p>\n","protected":false},"excerpt":{"rendered":"<p>Pami\u0119taj, \u017ce zawsze mo\u017cesz wycofa\u0107 zgod\u0119. Dane osobowe b\u0119d\u0105 przetwarzane w zakresie niezb\u0119dnym do wykonania umowy lub podj\u0119cia dzia\u0142a\u0144 na rzecz lub \u017c\u0105danie osoby, kt\u00f3rej one dotycz\u0105. Podanie danych osobowych jest dobrowolne i jednocze\u015bnie warunkuje m.in. podj\u0119cie dzia\u0142a\u0144 przed zawarciem umowy. Dane osobowe b\u0119d\u0105 przetwarzane przez niezb\u0119dny okres nie d\u0142u\u017cszy ni\u017c 6 lat, a ka\u017cdemu&#8230;<\/p>","protected":false},"author":2,"featured_media":0,"parent":0,"menu_order":0,"comment_status":"closed","ping_status":"closed","template":"","meta":{"_eb_attr":"","_kad_blocks_custom_css":"","_kad_blocks_head_custom_js":"","_kad_blocks_body_custom_js":"","_kad_blocks_footer_custom_js":"","_kad_post_transparent":"","_kad_post_title":"","_kad_post_layout":"","_kad_post_sidebar_id":"","_kad_post_content_style":"","_kad_post_vertical_padding":"","_kad_post_feature":"","_kad_post_feature_position":"","_kad_post_header":false,"_kad_post_footer":false,"_kad_post_classname":"","footnotes":""},"class_list":["post-3","page","type-page","status-publish","hentry"],"taxonomy_info":[],"featured_image_src_large":false,"author_info":{"display_name":"aneta","author_link":"https:\/\/alfawarehouses.pl\/sv\/author\/aneta\/"},"comment_info":0,"_links":{"self":[{"href":"https:\/\/alfawarehouses.pl\/sv\/wp-json\/wp\/v2\/pages\/3","targetHints":{"allow":["GET"]}}],"collection":[{"href":"https:\/\/alfawarehouses.pl\/sv\/wp-json\/wp\/v2\/pages"}],"about":[{"href":"https:\/\/alfawarehouses.pl\/sv\/wp-json\/wp\/v2\/types\/page"}],"author":[{"embeddable":true,"href":"https:\/\/alfawarehouses.pl\/sv\/wp-json\/wp\/v2\/users\/2"}],"replies":[{"embeddable":true,"href":"https:\/\/alfawarehouses.pl\/sv\/wp-json\/wp\/v2\/comments?post=3"}],"version-history":[{"count":0,"href":"https:\/\/alfawarehouses.pl\/sv\/wp-json\/wp\/v2\/pages\/3\/revisions"}],"wp:attachment":[{"href":"https:\/\/alfawarehouses.pl\/sv\/wp-json\/wp\/v2\/media?parent=3"}],"curies":[{"name":"wp","href":"https:\/\/api.w.org\/{rel}","templated":true}]}}